{"id":17101,"date":"2025-07-15T11:16:30","date_gmt":"2025-07-15T03:16:30","guid":{"rendered":"https:\/\/yebodaglass.com\/?post_type=product&#038;p=17101"},"modified":"2026-03-10T13:16:58","modified_gmt":"2026-03-10T05:16:58","slug":"square-swing-top-airtight-storage-jars-with-glass-lid","status":"publish","type":"product","link":"https:\/\/yebodaglass.com\/hu\/termek\/square-swing-top-airtight-storage-jars-with-glass-lid\/","title":{"rendered":"N\u00e9gyzet alak\u00fa, leng\u0151tetej\u0171, l\u00e9gmentesen z\u00e1r\u00f3d\u00f3 t\u00e1rol\u00f3ed\u00e9nyek \u00fcvegtet\u0151vel 500-1500ml"},"content":{"rendered":"<p>Ez a l\u00e9gmentesen z\u00e1r\u00f3d\u00f3 t\u00e1rol\u00f3ed\u00e9ny-sorozat helytakar\u00e9kos, n\u00e9gyzet alak\u00fa \u00fcvegtesttel \u00e9s kerek \u00fcvegfed\u00e9llel rendelkezik, modern konyhai t\u00e1rol\u00e1sra \u00e9s rendszerez\u00e9sre tervezve. Pr\u00e9mium min\u0151s\u00e9g\u0171, \u00e1tl\u00e1tsz\u00f3 \u00fcvegb\u0151l k\u00e9sz\u00fclt, \u00edgy a bef\u0151ttes\u00fcveg k\u00f6nnyen l\u00e1that\u00f3v\u00e1 teszi a tartalmat, mik\u00f6zben eleg\u00e1ns megjelen\u00e9st biztos\u00edt, \u00edgy alkalmas kiskereskedelmi polcokra \u00e9s \u00fcvegkonyhai k\u00f6rnyezetbe. A rozsdamentes ac\u00e9l bilincsfed\u00e9llel \u00e9s szilikon t\u00f6m\u00edt\u00e9ssel ell\u00e1tott dr\u00f3tkapocs-r\u00f6gz\u00edt\u0151 rendszer megb\u00edzhat\u00f3 l\u00e9gmentes z\u00e1r\u00e1st biztos\u00edt, \u00edgy ide\u00e1lis \u00e9lelmiszerek, sz\u00e1raz\u00e1ruk, t\u00e9sztaf\u00e9l\u00e9k, gabonaf\u00e9l\u00e9k, s\u00fctem\u00e9nyek, sz\u00f3szok vagy savany\u00fas\u00e1gok t\u00e1rol\u00e1s\u00e1ra.<\/p>\n<p>A m\u0171anyag tart\u00e1lyokkal \u00f6sszehasonl\u00edtva ezek a l\u00e9gmentesen z\u00e1r\u00f3d\u00f3 \u00fcvegek tart\u00f3sabb \u00e9s \u00fajrafelhaszn\u00e1lhat\u00f3bb t\u00e1rol\u00f3megold\u00e1st k\u00edn\u00e1lnak \u00fcvegb\u0151l k\u00e9sz\u00fclt \u00e9lelmiszerek t\u00e1rol\u00e1s\u00e1ra mind otthoni, mind kereskedelmi konyh\u00e1kban. Sz\u00e9les sz\u00e1j\u00fa, k\u0151m\u0171ves st\u00edlus\u00fa ny\u00edl\u00e1s\u00e1nak k\u00f6sz\u00f6nhet\u0151en az \u00fcveg bef\u0151ttes\u00fcvegk\u00e9nt, \u00fcveg s\u00fctis\u00fcvegk\u00e9nt vagy \u00fcveg t\u00e1rol\u00f3ed\u00e9nyk\u00e9nt is j\u00f3l haszn\u00e1lhat\u00f3.<\/p>\n<h2>F\u0151bb specifik\u00e1ci\u00f3k<\/h2>\n<table style=\"border-collapse: collapse; width: 80%; margin-left: auto; margin-right: auto;\" border=\"0\" width=\"80%\" cellspacing=\"0\" cellpadding=\"0\">\n<tbody>\n<tr style=\"height: 13.50pt;\">\n<td style=\"height: 13.50pt; width: 123.00pt;\" width=\"164\" height=\"18\">Specifik\u00e1ci\u00f3<\/td>\n<td style=\"width: 543.00pt;\" width=\"724\">R\u00e9szletek<\/td>\n<\/tr>\n<tr style=\"height: 13.50pt;\">\n<td style=\"height: 13.50pt;\" height=\"18\">Term\u00e9kt\u00edpus<\/td>\n<td>L\u00e9gmentesen z\u00e1r\u00f3d\u00f3, leng\u0151 tetej\u0171 t\u00e1rol\u00f3ed\u00e9nyek<\/td>\n<\/tr>\n<tr style=\"height: 13.50pt;\">\n<td style=\"height: 13.50pt;\" height=\"18\">Anyag<\/td>\n<td>\u00d3lommentes sz\u00f3da-lime \u00e1tl\u00e1tsz\u00f3 \u00fcveg + rozsdamentes ac\u00e9l leng\u0151kapocs + szilikon t\u00f6m\u00edt\u00e9s<\/td>\n<\/tr>\n<tr style=\"height: 13.50pt;\">\n<td style=\"height: 13.50pt;\" height=\"18\">Fed\u00e9l t\u00edpusa<\/td>\n<td>\u00dcvegfed\u00e9l t\u00f6m\u00edt\u0151 dr\u00f3tkapoccsal r\u00f6gz\u00edthet\u0151 (szor\u00edt\u00f3fed\u00e9l)<\/td>\n<\/tr>\n<tr style=\"height: 13.50pt;\">\n<td style=\"height: 13.50pt;\" height=\"18\">Alak<\/td>\n<td>N\u00e9gyzet alak\u00fa \u00fcveged\u00e9ny test kerek fed\u00e9llel<\/td>\n<\/tr>\n<tr style=\"height: 13.50pt;\">\n<td style=\"height: 13.50pt;\" height=\"18\">Sz\u00e1j\u00e1tm\u00e9r\u0151<\/td>\n<td>95 mm sz\u00e9les sz\u00e1j<\/td>\n<\/tr>\n<tr style=\"height: 54.00pt;\">\n<td style=\"height: 54.00pt;\" height=\"72\">Kapacit\u00e1sbe\u00e1ll\u00edt\u00e1sok<\/td>\n<td class=\"et2\" style=\"width: 543.00pt;\" width=\"724\">16oz \/ 500ml (6 csomag)<br \/>\n750 ml (4 csomag)<br \/>\n32oz \/ 1000ml (3 csomag)<br \/>\n48oz \/ 1500ml (2 csomag)<\/td>\n<\/tr>\n<tr style=\"height: 13.50pt;\">\n<td style=\"height: 13.50pt;\" height=\"18\">T\u00f6m\u00edt\u0151rendszer<\/td>\n<td>L\u00e9gmentesen z\u00e1r\u00f3d\u00f3 fedelek szilikon t\u00f6m\u00edt\u00e9ssel<\/td>\n<\/tr>\n<tr style=\"height: 13.50pt;\">\n<td style=\"height: 13.50pt;\" height=\"18\">Alkalmaz\u00e1s<\/td>\n<td>\u00c9lelmiszert\u00e1rol\u00f3 ed\u00e9nyek, bef\u0151ttes\u00fcvegek, kamrat\u00e1rol\u00f3 \u00fcvegek, sz\u00f3szok \u00e9s sz\u00e1raz \u00e9lelmiszerek t\u00e1rol\u00e1s\u00e1ra szolg\u00e1l\u00f3 ed\u00e9nyek<\/td>\n<\/tr>\n<tr style=\"height: 13.50pt;\">\n<td style=\"height: 13.50pt;\" height=\"18\">Csomagol\u00e1s<\/td>\n<td>El\u00e9rhet\u0151 \u00f6mlesztett, nagykereskedelmi \u00e9s \u00fcveges csomagol\u00e1sban<\/td>\n<\/tr>\n<tr style=\"height: 13.50pt;\">\n<td style=\"height: 13.50pt;\" height=\"18\">Gy\u00e1rt\u00e1s<\/td>\n<td>K\u00f6zvetlen gy\u00e1rt\u00f3i ell\u00e1t\u00e1s gyors sz\u00e1ll\u00edt\u00e1ssal \u00e9s egyedi beszerz\u00e9si t\u00e1mogat\u00e1ssal<\/td>\n<\/tr>\n<\/tbody>\n<\/table>\n<h2>F\u0151bb jellemz\u0151k<\/h2>\n<h3>L\u00e9gmentesen z\u00e1r\u00f3d\u00f3 t\u00f6m\u00edt\u00e9s a hosszan tart\u00f3 frissess\u00e9g\u00e9rt<\/h3>\n<p>A l\u00e9gmentesen z\u00e1r\u00f3d\u00f3 fed\u00e9llel ell\u00e1tott \u00fcvegek szilikon t\u00f6m\u00edt\u00e9ssel \u00e9s rozsdamentes ac\u00e9l leng\u0151kapoccsal vannak ell\u00e1tva, hogy l\u00e9gmentesen z\u00e1r\u00f3d\u00f3 t\u00e1rol\u00e1si k\u00f6rnyezetet biztos\u00edtsanak, meg\u0151rzik a frissess\u00e9get \u00e9s megakad\u00e1lyozz\u00e1k a nedvess\u00e9g vagy a leveg\u0151 bejut\u00e1s\u00e1t.<\/p>\n<h3>Helytakar\u00e9kos n\u00e9gyzet alak\u00fa kialak\u00edt\u00e1s<\/h3>\n<p>Egyr\u00e9szt a n\u00e9gyzet alak\u00fa test szorosabb csomagol\u00e1st \u00e9s hat\u00e9konyabb t\u00e1rol\u00e1si megold\u00e1sokat tesz lehet\u0151v\u00e9 a kamra polcain \u00e9s a kiskereskedelmi csomagol\u00e1sban, ellent\u00e9tben a kerek \u00fcvegt\u00e1rol\u00f3kkal.<\/p>\n<h3>Sz\u00e9les sz\u00e1j a k\u00f6nny\u0171 felt\u00f6lt\u00e9shez \u00e9s tiszt\u00edt\u00e1shoz<\/h3>\n<p>A sz\u00e9les sz\u00e1jny\u00edl\u00e1s (95 mm) megk\u00f6nny\u00edti az \u00fcvegt\u00e1rol\u00f3 ed\u00e9nyek felt\u00f6lt\u00e9s\u00e9t, kimer\u00e9s\u00e9t \u00e9s tiszt\u00edt\u00e1s\u00e1t, ide\u00e1lisak sz\u00f3szok, t\u00e9sztaf\u00e9l\u00e9k, gabonaf\u00e9l\u00e9k \u00e9s snackek t\u00e1rol\u00e1s\u00e1ra.<\/p>\n<h2>Sikeres B2B eset<\/h2>\n<p>Egy n\u00e9metorsz\u00e1gi, bio t\u00e9sztasz\u00f3szokat gy\u00e1rt\u00f3, speci\u00e1lis \u00e9lelmiszerm\u00e1rka l\u00e9gmentesen z\u00e1r\u00f3d\u00f3 t\u00e1rol\u00f3ed\u00e9nyeket v\u00e1s\u00e1rolt pr\u00e9mium kiskereskedelmi term\u00e9kcsal\u00e1dj\u00e1hoz. A v\u00e1llalat k\u00f6zepes m\u00e9ret\u0171 \u00e9lelmiszergy\u00e1rt\u00f3k\u00e9nt \u00e9s -forgalmaz\u00f3k\u00e9nt m\u0171k\u00f6dik, szupermarketeket \u00e9s online \u00e9lelmiszer-platformokat l\u00e1t el.<\/p>\n<p>32 unci\u00e1s \u00e9s 48 unci\u00e1s, leng\u0151tetej\u0171 \u00fcvegeket rendeltek nagy t\u00e9telben, \u00e9s sz\u00e1mos egyedi opci\u00f3t k\u00e9rtek, t\u00f6bbek k\u00f6z\u00f6tt:<\/p>\n<ul>\n<li>Saj\u00e1t m\u00e1rk\u00e1s log\u00f3 nyomtat\u00e1sa az \u00fcvegtart\u00e1lyon<\/li>\n<li>Egyedi sz\u00edn\u0171 bevonat a dr\u00f3tkapocs r\u00f6gz\u00edt\u00e9s\u00e9n<\/li>\n<li>Kiskereskedelmi forgalomba k\u00e9sz \u00e9lelmiszert\u00e1rol\u00f3 dobozk\u00e9szlet csomagol\u00e1s<\/li>\n<\/ul>\n<p>A m\u00e1rka pr\u00e9mium pozicion\u00e1l\u00e1sa \u00e9s a term\u00e9kek l\u00e1that\u00f3s\u00e1ga a polcon javult a bevezet\u00e9s ut\u00e1n a fedeles \u00fcvegeknek k\u00f6sz\u00f6nhet\u0151en. Sz\u00f3szcsal\u00e1djuk 35 sz\u00e1zal\u00e9kos elad\u00e1si n\u00f6veked\u00e9st mutatott hat h\u00f3nap alatt, \u00e9s \u00fcgyfel\u00fck k\u00e9t egym\u00e1st k\u00f6vet\u0151 nagykereskedelmi megrendel\u00e9st adott le egyre t\u00f6bb \u00fcvegben, savany\u00fas\u00e1gokat \u00e9s t\u00e9szt\u00e1t is gy\u00e1rtva, amelyet f\u0151k\u00e9nt sz\u00e1r\u00edtva \u00e1rulnak.<\/p>\n<h2>Testreszab\u00e1si javaslatok B2B alkalmaz\u00e1sokhoz<\/h2>\n<ol>\n<li><strong>Saj\u00e1t m\u00e1rk\u00e1s m\u00e1rka\u00e9p\u00edt\u00e9s<\/strong>Log\u00f3nyom\u00e1ssal, dombornyom\u00e1ssal vagy c\u00edmk\u00e9z\u00e9ssel egyedi, fedeles \u00fcvegeket hozhat l\u00e9tre csomagolt \u00e9lelmiszereket vagy kamrai \u00fcvegt\u00e1rol\u00f3 ed\u00e9nyeket \u00e1rus\u00edt\u00f3 m\u00e1rkatulajdonosok sz\u00e1m\u00e1ra.<\/li>\n<li><strong>Kiskereskedelmi csomagol\u00f3k\u00e9szletek<\/strong>Fejlesszen ki \u00e9lelmiszert\u00e1rol\u00f3 ed\u00e9ny-k\u00e9szleteket vagy \u00fcvegk\u00e9szlet-csomagol\u00e1sokat e-kereskedelmi m\u00e1rk\u00e1k sz\u00e1m\u00e1ra, amelyek a konyhai rendszerez\u00e9shez legjobb \u00e9lelmiszert\u00e1rol\u00f3 ed\u00e9nyeket \u00e1rulj\u00e1k.<\/li>\n<li><strong>Funkcion\u00e1lis fed\u00e9l testreszab\u00e1s<\/strong>: \u00c1ll\u00edtsa be a t\u00f6m\u00edt\u00e9s sz\u00edn\u00e9t, a bilincseket vagy a f\u00e9mkapcsokat, hogy megk\u00fcl\u00f6nb\u00f6ztesse \u00fcvegfedeles bef\u0151ttes\u00fcvegeit a kiskereskedelmi \u00e9s speci\u00e1lis \u00e9lelmiszerpiacokon.<\/li>\n<\/ol>","protected":false},"excerpt":{"rendered":"<p>Bulk airtight storage jars from a reliable manufacturer. Durable swing top glass jars with airtight lids for food storage, wholesale sourcing, and custom branding.<\/p>","protected":false},"featured_media":25330,"template":"","meta":[],"product_brand":[],"product_cat":[87,134,124,122,20,83],"product_tag":[],"class_list":{"0":"post-17101","1":"product","2":"type-product","3":"status-publish","4":"has-post-thumbnail","6":"product_cat-food-storage-jars","7":"product_cat-airtight-jars","8":"product_cat-custom-glass-jars","9":"product_cat-custom-glass-packaging","10":"product_cat-glass-containers","11":"product_cat-glass-jars","13":"first","14":"instock","15":"shipping-taxable","16":"product-type-grouped"},"jetpack_sharing_enabled":true,"_links":{"self":[{"href":"https:\/\/yebodaglass.com\/hu\/wp-json\/wp\/v2\/product\/17101","targetHints":{"allow":["GET"]}}],"collection":[{"href":"https:\/\/yebodaglass.com\/hu\/wp-json\/wp\/v2\/product"}],"about":[{"href":"https:\/\/yebodaglass.com\/hu\/wp-json\/wp\/v2\/types\/product"}],"version-history":[{"count":5,"href":"https:\/\/yebodaglass.com\/hu\/wp-json\/wp\/v2\/product\/17101\/revisions"}],"predecessor-version":[{"id":25321,"href":"https:\/\/yebodaglass.com\/hu\/wp-json\/wp\/v2\/product\/17101\/revisions\/25321"}],"wp:featuredmedia":[{"embeddable":true,"href":"https:\/\/yebodaglass.com\/hu\/wp-json\/wp\/v2\/media\/25330"}],"wp:attachment":[{"href":"https:\/\/yebodaglass.com\/hu\/wp-json\/wp\/v2\/media?parent=17101"}],"wp:term":[{"taxonomy":"product_brand","embeddable":true,"href":"https:\/\/yebodaglass.com\/hu\/wp-json\/wp\/v2\/product_brand?post=17101"},{"taxonomy":"product_cat","embeddable":true,"href":"https:\/\/yebodaglass.com\/hu\/wp-json\/wp\/v2\/product_cat?post=17101"},{"taxonomy":"product_tag","embeddable":true,"href":"https:\/\/yebodaglass.com\/hu\/wp-json\/wp\/v2\/product_tag?post=17101"}],"curies":[{"name":"wp","href":"https:\/\/api.w.org\/{rel}","templated":true}]}}