{"id":16923,"date":"2025-07-14T15:27:16","date_gmt":"2025-07-14T07:27:16","guid":{"rendered":"https:\/\/yebodaglass.com\/?post_type=product&#038;p=16923"},"modified":"2026-03-11T14:34:14","modified_gmt":"2026-03-11T06:34:14","slug":"wide-mouth-mason-jars-with-diamond-pattern-glass","status":"publish","type":"product","link":"https:\/\/yebodaglass.com\/hu\/termek\/wide-mouth-mason-jars-with-diamond-pattern-glass\/","title":{"rendered":"Sz\u00e9les sz\u00e1j\u00fa bef\u0151ttes\u00fcvegek rombuszmint\u00e1val 120ml-620ml"},"content":{"rendered":"<h2>Gy\u00e9m\u00e1ntmint\u00e1s sz\u00e9les sz\u00e1j\u00fa bef\u0151ttes\u00fcvegek<\/h2>\n<p>Eleg\u00e1ns, gy\u00e9m\u00e1nt alak\u00fa, csiszolt text\u00far\u00e1juk dekorat\u00edv f\u00e9nyvisszaver\u0151d\u00e9seket vet a fel\u00fclet\u00fckre, ezek a sz\u00e9les sz\u00e1j\u00fa bef\u0151ttes\u00fcvegek hagyom\u00e1nyos kerek \u00fcvegform\u00e1t k\u00f6vetnek. Minden bef\u0151ttes\u00fcveg nemcsak BPA-mentes, sz\u00f3damentes \u00e9s m\u00e9szmentes \u00fcvegb\u0151l k\u00e9sz\u00fclt, hanem menetes alum\u00ednium fed\u00e9llel is rendelkezik, amely garant\u00e1lja az \u00e9lelmiszerek t\u00e1rol\u00e1s\u00e1nak \u00e9s csomagol\u00e1s\u00e1nak h\u0171s\u00e9ges lez\u00e1r\u00e1s\u00e1t.<\/p>\n<p>A sz\u00e9les sz\u00e1j\u00fa bef\u0151ttes\u00fcveg kialak\u00edt\u00e1sa megk\u00f6nny\u00edti a t\u00f6lt\u00e9st, \u00f6nt\u00e9st \u00e9s tiszt\u00edt\u00e1st a hagyom\u00e1nyos bef\u0151ttes\u00fcvegekhez k\u00e9pest. Ez a tulajdons\u00e1ga t\u00f6k\u00e9letes sz\u00e1mos term\u00e9khez, p\u00e9ld\u00e1ul italokhoz, gy\u00fcm\u00f6lcs\u00f6kh\u00f6z, lekv\u00e1rokhoz, savany\u00fas\u00e1gokhoz, sz\u00f3szokhoz, szirupokhoz, desszertekhez, gabonaf\u00e9l\u00e9khez \u00e9s f\u0171szerekhez. Emellett ezek az \u00fcvegek nagyszer\u0171 \u00f6tletet jelentenek gyertyatart\u00f3knak vagy bark\u00e1csol\u00e1shoz. Gy\u00e1rt\u00f3k\u00e9nt \u00e9s gy\u00e1ri besz\u00e1ll\u00edt\u00f3k\u00e9nt t\u00f6meges, nagykereskedelmi \u00e9s egyedi megold\u00e1sokat k\u00edn\u00e1lunk m\u00e1rk\u00e1k \u00e9s forgalmaz\u00f3k sz\u00e1m\u00e1ra, akik klasszikus bef\u0151ttes\u00fcveg-csomagol\u00e1sokat keresnek.<\/p>\n<h2>F\u0151bb specifik\u00e1ci\u00f3k<\/h2>\n<table style=\"border-collapse: collapse; width: 80%; margin-left: auto; margin-right: auto;\" border=\"0\" width=\"80%\" cellspacing=\"0\" cellpadding=\"0\">\n<tbody>\n<tr style=\"height: 13.50pt;\">\n<td style=\"height: 13.50pt; width: 113.25pt;\" width=\"151\" height=\"18\"><strong>Term\u00e9kkateg\u00f3ria<\/strong><\/td>\n<td style=\"width: 431.25pt;\" width=\"575\"><strong>Sz\u00e9les sz\u00e1j\u00fa bef\u0151ttes\u00fcvegek<\/strong><\/td>\n<\/tr>\n<tr style=\"height: 27.00pt;\">\n<td style=\"height: 27.00pt;\" height=\"36\">Kapacit\u00e1sbe\u00e1ll\u00edt\u00e1sok<\/td>\n<td class=\"et2\" style=\"width: 431.25pt;\" width=\"575\">120 ml, 200 ml, 250 ml, 350 ml (59 mm \/ 69 mm sz\u00e1jny\u00edl\u00e1s)<br \/>\n270 ml, 430 ml, 620 ml (74 mm \/ 85 mm sz\u00e1jny\u00edl\u00e1s)<\/td>\n<\/tr>\n<tr style=\"height: 13.50pt;\">\n<td style=\"height: 13.50pt;\" height=\"18\">Anyag<\/td>\n<td>BPA-mentes sz\u00f3da\u00fcveg<\/td>\n<\/tr>\n<tr style=\"height: 13.50pt;\">\n<td style=\"height: 13.50pt;\" height=\"18\">Alak<\/td>\n<td>Kerek klasszikus bef\u0151ttes\u00fcveg<\/td>\n<\/tr>\n<tr style=\"height: 13.50pt;\">\n<td style=\"height: 13.50pt;\" height=\"18\">Fel\u00fcletkezel\u00e9s<\/td>\n<td>Gy\u00e9m\u00e1ntmint\u00e1s, c\u00edmk\u00e9zhet\u0151<\/td>\n<\/tr>\n<tr style=\"height: 13.50pt;\">\n<td style=\"height: 13.50pt;\" height=\"18\">Fed\u00e9l t\u00edpusa<\/td>\n<td>Alum\u00ednium csavaros \u00fcvegfed\u0151k<\/td>\n<\/tr>\n<tr style=\"height: 13.50pt;\">\n<td style=\"height: 13.50pt;\" height=\"18\">3 fed\u00e9l opci\u00f3<\/td>\n<td>Standard alum\u00ednium fed\u00e9l t\u00f6m\u00edt\u0151bevonattal \/ osztott alum\u00ednium fed\u00e9l szilikongy\u0171r\u0171vel \/ alum\u00ednium fed\u00e9l sz\u00edv\u00f3sz\u00e1llal ell\u00e1tott lyukkal<\/td>\n<\/tr>\n<tr style=\"height: 13.50pt;\">\n<td style=\"height: 13.50pt;\" height=\"18\">Fed\u00e9l sz\u00ednei<\/td>\n<td>Arany, ez\u00fcst, fekete<\/td>\n<\/tr>\n<tr style=\"height: 13.50pt;\">\n<td style=\"height: 13.50pt;\" height=\"18\">\u00dcveg sz\u00edne<\/td>\n<td>\u00c1tl\u00e1tsz\u00f3 \u00fcveg vagy egyedi sz\u00ednek<\/td>\n<\/tr>\n<tr style=\"height: 13.50pt;\">\n<td style=\"height: 13.50pt;\" height=\"18\">Csomagol\u00e1s<\/td>\n<td>12 db\/doboz<\/td>\n<\/tr>\n<tr style=\"height: 13.50pt;\">\n<td style=\"height: 13.50pt;\" height=\"18\">Alkalmaz\u00e1s<\/td>\n<td>Ital, gy\u00fcm\u00f6lcs, lekv\u00e1r, savany\u00fas\u00e1g, sz\u00f3sz, szirup, desszert, gabonaf\u00e9l\u00e9k, f\u0171szerek<\/td>\n<\/tr>\n<tr style=\"height: 13.50pt;\">\n<td style=\"height: 13.50pt;\" height=\"18\">K\u00edn\u00e1lat<\/td>\n<td>T\u00f6meges, nagykereskedelmi, OEM\/ODM egyedi<\/td>\n<\/tr>\n<tr style=\"height: 13.50pt;\">\n<td style=\"height: 13.50pt;\" height=\"18\">Sz\u00e1ll\u00edt\u00e1s<\/td>\n<td>Stabil k\u00e9szlet \u00e9s glob\u00e1lis sz\u00e1ll\u00edt\u00e1s a gy\u00e1rb\u00f3l<\/td>\n<\/tr>\n<\/tbody>\n<\/table>\n<h2>F\u0151bb jellemz\u0151k<\/h2>\n<h3>Sz\u00e9les sz\u00e1j a k\u00f6nny\u0171 megt\u00f6lt\u00e9s \u00e9rdek\u00e9ben<\/h3>\n<p>A sz\u00e9les sz\u00e1j\u00fa bef\u0151ttes\u00fcveg ny\u00edl\u00e1sa lehet\u0151v\u00e9 teszi a gy\u00fcm\u00f6lcs\u00f6k, desszertr\u00e9tegek \u00e9s gabonaf\u00e9l\u00e9k k\u00f6nny\u0171 megt\u00f6lt\u00e9s\u00e9t, \u00e9s a tiszt\u00edt\u00e1sa is egyszer\u0171bb a hagyom\u00e1nyos bef\u0151ttes\u00fcvegekhez k\u00e9pest.<\/p>\n<h3>Gy\u00e9m\u00e1nt dekorat\u00edv text\u00fara<\/h3>\n<p>A geometrikus minta fokozza a fog\u00e1st, mik\u00f6zben az \u00fcveged\u00e9nyt dekorat\u00edv csomagol\u00f3elemm\u00e9 var\u00e1zsolja, amely alkalmas pr\u00e9mium italok vagy desszertm\u00e1rk\u00e1k csomagol\u00e1s\u00e1ra.<\/p>\n<h3>Megb\u00edzhat\u00f3 t\u00f6m\u00edt\u0151fed\u00e9l<\/h3>\n<p>A t\u00f6m\u00edt\u0151bevonattal ell\u00e1tott alum\u00ednium fed\u00e9l megb\u00edzhat\u00f3 z\u00e1r\u00e1st biztos\u00edt bef\u0151ttes\u00fcvegekhez \u00e9s kereskedelmi \u00e9lelmiszert\u00e1rol\u00e1shoz.<\/p>\n<h2>Sikeres \u00fcgyf\u00e9l eset<\/h2>\n<p>Egy kanadai italm\u00e1rka-tulajdonos szerezte be ezeket a sz\u00e9les sz\u00e1j\u00fa bef\u0151ttes\u00fcvegeket egy fogyaszt\u00e1sra k\u00e9sz gy\u00fcm\u00f6lcsdesszert term\u00e9kcsal\u00e1dhoz. Az \u00fcgyf\u00e9l 30 000 \u00fcveget v\u00e1s\u00e1rolt nagy t\u00e9telben az els\u0151 rendel\u00e9sre a gy\u00e1runkon kereszt\u00fcl.<\/p>\n<p>Egyedi arany bef\u0151ttes\u00fcveg-fedeleket, m\u00e1rk\u00e1zott c\u00edmk\u00e9ket \u00e9s egyedi \u00fcvegsz\u00ednez\u00e9st k\u00e9rtek, hogy megk\u00fcl\u00f6nb\u00f6ztess\u00e9k csomagol\u00e1saikat a kiskereskedelmi \u00fczletekben. Az \u00fcvegeket r\u00e9teges joghurtos, gy\u00fcm\u00f6lcsdesszertekhez \u00e9s szezon\u00e1lis szirupos italokhoz haszn\u00e1lt\u00e1k.<\/p>\n<p>A term\u00e9k bevezet\u00e9se ut\u00e1n a csomagol\u00e1s gyorsan az egyik legkelend\u0151bb term\u00e9k lett a dekorat\u00edv bef\u0151ttes\u00fcveg megjelen\u00e9s\u00e9nek \u00e9s a praktikus, sz\u00e9les sz\u00e1j\u00fa kialak\u00edt\u00e1snak k\u00f6sz\u00f6nhet\u0151en. Hat h\u00f3napon bel\u00fcl az \u00fcgyf\u00e9l k\u00e9t ism\u00e9telt nagykereskedelmi rendel\u00e9st adott le, \u00f6sszesen t\u00f6bb mint 90 000 darabot eladva.<\/p>\n<h2>Testreszab\u00e1si javaslatok B2B v\u00e1s\u00e1rl\u00f3knak<\/h2>\n<ol>\n<li><strong>Egyedi fed\u00e9l megold\u00e1sok<\/strong>A m\u00e1rk\u00e1k egyedi bef\u0151ttes\u00fcveg-fedeleket fejleszthetnek, p\u00e9ld\u00e1ul sz\u00edv\u00f3sz\u00e1las fedeleket italokhoz, szilikonz\u00e1ras fedeleket t\u00e1rol\u00e1shoz vagy osztott fedeleket hagyom\u00e1nyos bef\u0151ttes\u00fcvegekhez.<\/li>\n<li><strong>Saj\u00e1tm\u00e1rk\u00e1s \u00e9s dekorat\u00edv fel\u00fcletek<\/strong>Ha italokat vagy desszerteket \u00e1rul, akkor \u00e9rdemes lehet egyedi identit\u00e1st adnia a bef\u0151ttes\u00fcveg csomagol\u00e1s\u00e1nak egyedi c\u00edmk\u00e9z\u00e9ssel, dombornyom\u00e1ssal vagy az \u00fcveg sz\u00ednez\u00e9s\u00e9vel.<\/li>\n<li><strong>T\u00f6bbc\u00e9l\u00fa csomagol\u00e1si projektek<\/strong>Az \u00e9lelmiszerm\u00e1rk\u00e1k, aj\u00e1nd\u00e9kt\u00e1rgyakat gy\u00e1rt\u00f3 c\u00e9gek \u00e9s gyertyam\u00e1rk\u00e1k szezon\u00e1lis projektbevezet\u00e9seik r\u00e9szek\u00e9nt \u00e1talak\u00edthatj\u00e1k ezt az \u00fcveget savany\u00fas\u00e1gok, sz\u00f3szok, szirupok, desszertek vagy gyerty\u00e1k csomagol\u00e1s\u00e1ra.<\/li>\n<\/ol>","protected":false},"excerpt":{"rendered":"<p data-start=\"35\" data-end=\"218\">Nagykereskedelmi sz\u00e9les sz\u00e1j\u00fa bef\u0151ttes\u00fcvegek gy\u00e9m\u00e1ntmint\u00e1s \u00fcveggel \u00e9s alum\u00ednium fed\u00e9llel. Tart\u00f3s \u00fcveg italokhoz, lekv\u00e1rokhoz, desszertekhez \u00e9s nagy t\u00e9telben t\u00f6rt\u00e9n\u0151 csomagol\u00e1shoz.<\/p>","protected":false},"featured_media":25369,"template":"","meta":[],"product_brand":[],"product_cat":[125,124,20,83,84],"product_tag":[],"class_list":{"0":"post-16923","1":"product","2":"type-product","3":"status-publish","4":"has-post-thumbnail","6":"product_cat-mason-glass-jars","7":"product_cat-custom-glass-jars","8":"product_cat-glass-containers","9":"product_cat-glass-jars","10":"product_cat-mason-jars","12":"first","13":"instock","14":"shipping-taxable","15":"product-type-grouped"},"jetpack_sharing_enabled":true,"_links":{"self":[{"href":"https:\/\/yebodaglass.com\/hu\/wp-json\/wp\/v2\/product\/16923","targetHints":{"allow":["GET"]}}],"collection":[{"href":"https:\/\/yebodaglass.com\/hu\/wp-json\/wp\/v2\/product"}],"about":[{"href":"https:\/\/yebodaglass.com\/hu\/wp-json\/wp\/v2\/types\/product"}],"version-history":[{"count":5,"href":"https:\/\/yebodaglass.com\/hu\/wp-json\/wp\/v2\/product\/16923\/revisions"}],"predecessor-version":[{"id":25370,"href":"https:\/\/yebodaglass.com\/hu\/wp-json\/wp\/v2\/product\/16923\/revisions\/25370"}],"wp:featuredmedia":[{"embeddable":true,"href":"https:\/\/yebodaglass.com\/hu\/wp-json\/wp\/v2\/media\/25369"}],"wp:attachment":[{"href":"https:\/\/yebodaglass.com\/hu\/wp-json\/wp\/v2\/media?parent=16923"}],"wp:term":[{"taxonomy":"product_brand","embeddable":true,"href":"https:\/\/yebodaglass.com\/hu\/wp-json\/wp\/v2\/product_brand?post=16923"},{"taxonomy":"product_cat","embeddable":true,"href":"https:\/\/yebodaglass.com\/hu\/wp-json\/wp\/v2\/product_cat?post=16923"},{"taxonomy":"product_tag","embeddable":true,"href":"https:\/\/yebodaglass.com\/hu\/wp-json\/wp\/v2\/product_tag?post=16923"}],"curies":[{"name":"wp","href":"https:\/\/api.w.org\/{rel}","templated":true}]}}