{"id":16452,"date":"2025-07-09T13:18:01","date_gmt":"2025-07-09T05:18:01","guid":{"rendered":"https:\/\/yebodaglass.com\/?post_type=product&#038;p=16452"},"modified":"2026-03-10T17:54:06","modified_gmt":"2026-03-10T09:54:06","slug":"custom-glass-jar-with-wooden-lid-and-spoon-for-spice-storage","status":"publish","type":"product","link":"https:\/\/yebodaglass.com\/hu\/termek\/custom-glass-jar-with-wooden-lid-and-spoon-for-spice-storage\/","title":{"rendered":"Egyedi \u00fcveged\u00e9ny fa tet\u0151vel \u00e9s kan\u00e1llal f\u0171szerek t\u00e1rol\u00e1s\u00e1ra 250ml"},"content":{"rendered":"<p>Ez a kerek, fafedeles \u00fcveg \u00e1tl\u00e1tsz\u00f3, \u00f3lommentes, sz\u00f3damentes \u00e9s m\u00e9szmentes \u00fcvegb\u0151l k\u00e9sz\u00fclt, amely amellett, hogy vonz\u00f3v\u00e1 teszi az ed\u00e9nyt a polcokon vagy a konyhapulton, lehet\u0151v\u00e9 teszi a tartalom l\u00e1that\u00f3s\u00e1g\u00e1t is a megt\u00f6lt\u00e9s ut\u00e1n, pl. cukor, bors, f\u0171szerkever\u00e9kek, olaj alap\u00fa \u00edzes\u00edt\u0151k stb. Minden \u00fcvegbef\u0151ttes\u00fcveghez vastag term\u00e9szetes parafa fed\u00e9l, egy apr\u00f3 fakan\u00e1l tartozik, a kis kan\u00e1ltart\u00f3 pedig \u00fcgyesen van r\u00f6gz\u00edtve az \u00fcveg oldal\u00e1hoz.<\/p>\n<p>Ez a j\u00f3l \u00e1tgondolt szerkezet praktikuss\u00e1 teszi ezeket a f\u0171szert\u00e1rol\u00f3 dobozokat a mindennapi haszn\u00e1latra f\u0151z\u00e9shez, s\u00fct\u00e9shez \u00e9s f\u0171szerez\u00e9shez. Aj\u00e1nd\u00e9kk\u00e9szletk\u00e9nt, f\u0171szergy\u0171jtem\u00e9nyk\u00e9nt vagy pr\u00e9mium \u00e9lelmiszerm\u00e1rk\u00e1k dekorat\u00edv \u00fcvegcsomagol\u00e1si megold\u00e1sak\u00e9nt is haszn\u00e1lhat\u00f3k.<\/p>\n<h2>F\u0151bb specifik\u00e1ci\u00f3k<\/h2>\n<table style=\"border-collapse: collapse; width: 80%; margin-left: auto; margin-right: auto;\" border=\"0\" width=\"80%\" cellspacing=\"0\" cellpadding=\"0\">\n<tbody>\n<tr style=\"height: 13.50pt;\">\n<td style=\"height: 13.50pt; width: 110.25pt;\" width=\"147\" height=\"18\">Term\u00e9kt\u00edpus<\/td>\n<td style=\"width: 455.25pt;\" width=\"607\">\u00dcveged\u00e9ny fa fed\u00e9llel \u00e9s kan\u00e1llal<\/td>\n<\/tr>\n<tr style=\"height: 13.50pt;\">\n<td style=\"height: 13.50pt;\" height=\"18\">Anyag<\/td>\n<td>\u00d3lommentes sz\u00f3da\u00fcveg + nat\u00far fakan\u00e1l + vastag parafa kupak<\/td>\n<\/tr>\n<tr style=\"height: 13.50pt;\">\n<td style=\"height: 13.50pt;\" height=\"18\">Kapacit\u00e1s<\/td>\n<td>250 ml \/ 10 uncia<\/td>\n<\/tr>\n<tr style=\"height: 13.50pt;\">\n<td style=\"height: 13.50pt;\" height=\"18\">Alak<\/td>\n<td>Kerek \u00fcveged\u00e9ny<\/td>\n<\/tr>\n<tr style=\"height: 13.50pt;\">\n<td style=\"height: 13.50pt;\" height=\"18\">Kieg\u00e9sz\u00edt\u0151k<\/td>\n<td>Parafa fed\u00e9l, fakan\u00e1l, c\u00edmke (egyedi opci\u00f3 el\u00e9rhet\u0151)<\/td>\n<\/tr>\n<tr style=\"height: 13.50pt;\">\n<td style=\"height: 13.50pt;\" height=\"18\">Csomagol\u00e1s<\/td>\n<td>12 \u00fcveg\/k\u00e9szlet \/ doboz<\/td>\n<\/tr>\n<tr style=\"height: 13.50pt;\">\n<td style=\"height: 13.50pt;\" height=\"18\">Alkalmaz\u00e1s<\/td>\n<td>F\u0171szertart\u00f3k, cukortart\u00f3, f\u0171szert\u00e1rol\u00f3 ed\u00e9nyek, f\u0171szeres \u00fcveg<\/td>\n<\/tr>\n<tr style=\"height: 13.50pt;\">\n<td style=\"height: 13.50pt;\" height=\"18\">Ell\u00e1t\u00e1si m\u00f3d<\/td>\n<td>Nagykereskedelmi, t\u00f6meges \u00e9s egyedi \u00fcvegcsomagol\u00e1s a gy\u00e1rt\u00f3t\u00f3l<\/td>\n<\/tr>\n<tr style=\"height: 13.50pt;\">\n<td style=\"height: 13.50pt;\" height=\"18\">Logisztika<\/td>\n<td>Exportra k\u00e9sz csomagol\u00e1s a biztons\u00e1gos sz\u00e1ll\u00edt\u00e1s \u00e9s a glob\u00e1lis k\u00e9zbes\u00edt\u00e9s \u00e9rdek\u00e9ben<\/td>\n<\/tr>\n<\/tbody>\n<\/table>\n<h2>F\u0151bb jellemz\u0151k<\/h2>\n<h3>Integr\u00e1lt fakan\u00e1l kialak\u00edt\u00e1s<\/h3>\n<p>Minden \u00fcveg f\u0171szeres\u00fcveghez tartozik egy nat\u00far fakan\u00e1l, amely az \u00fcveg oldals\u00f3 tart\u00f3j\u00e1n nyugszik, \u00edgy f\u0151z\u00e9s k\u00f6zben k\u00e9nyelmesen adagolhatunk vele f\u0171szereket, cukrot vagy borsot.<\/p>\n<h3>Term\u00e9szetes parafa fed\u00e9lt\u00f6m\u00edt\u00e9s<\/h3>\n<p>A vastag parafakupak term\u00e9szetes fed\u0151r\u00e9tegk\u00e9nt m\u0171k\u00f6dik, seg\u00edt megv\u00e9deni a sz\u00e1raz \u00e9lelmiszer-\u00f6sszetev\u0151ket, mik\u00f6zben egyszer\u0171 \u00e9s k\u00f6rnyezetbar\u00e1t kialak\u00edt\u00e1st biztos\u00edt.<\/p>\n<h3>Pr\u00e9mium \u00e1tl\u00e1tsz\u00f3 \u00fcveg kijelz\u0151<\/h3>\n<p>Az \u00e1tl\u00e1tsz\u00f3, kerek \u00fcveg j\u00f3l kiemeli a f\u0171szerek sz\u00edn\u00e9t \u00e9s text\u00far\u00e1j\u00e1t, \u00edgy t\u00f6k\u00e9letes v\u00e1laszt\u00e1s kiskereskedelmi \u00fcvegekbe, \u00ednyenckonyh\u00e1kba vagy m\u00e1rk\u00e1s aj\u00e1nd\u00e9kcsomagokba.<\/p>\n<h2>Sikeres B2B eset<\/h2>\n<p>Egy kanadai k\u00fcl\u00f6nleges \u00ednyenc f\u0171szerm\u00e1rka egyedi \u00fcveg f\u0171szertart\u00f3kat keresett pr\u00e9mium f\u0171szer- \u00e9s f\u0171szerkever\u00e9keinek csomagol\u00e1s\u00e1ra. A v\u00e1llalat saj\u00e1t m\u00e1rk\u00e1s \u00e9lelmiszerm\u00e1rkak\u00e9nt \u00e9s online kiskeresked\u0151k\u00e9nt m\u0171k\u00f6dik, \u00e9s a luxus konyha szerelmeseit c\u00e9lozza meg.<\/p>\n<p>Kezdetben 12 000 \u00fcveget rendeltek nagykereskedelmi mennyis\u00e9gben, els\u0151dleges csomagol\u00e1si form\u00e1tumk\u00e9nt ezt a 250 ml-es, fa fed\u00e9llel ell\u00e1tott \u00fcveget v\u00e1lasztott\u00e1k. Az \u00fcgyf\u00e9l sz\u00e1mos egyedi opci\u00f3t k\u00e9rt, t\u00f6bbek k\u00f6z\u00f6tt:<\/p>\n<ul>\n<li>Nyomtatott c\u00edmk\u00e9k a m\u00e1rkaidentit\u00e1ssal<\/li>\n<li>Egyedi katal\u00f3gus csomagol\u00f3k\u00e9szlet kiskereskedelmi megjelen\u00edt\u00e9shez<\/li>\n<li>M\u00e1rk\u00e1s fakan\u00e1l grav\u00edroz\u00e1s<\/li>\n<\/ul>\n<p>A term\u00e9kcsal\u00e1d bevezet\u00e9se ut\u00e1n a vizu\u00e1lisan megk\u00fcl\u00f6nb\u00f6ztet\u0151 \u00fcveg f\u0171szertart\u00f3k jelent\u0151sen jav\u00edtott\u00e1k a polcok vonzerej\u00e9t \u00e9s az online konverzi\u00f3s ar\u00e1nyokat. Nyolc h\u00f3napon bel\u00fcl a f\u0171szercsal\u00e1d elad\u00e1sai 40%-kal n\u0151ttek, \u00e9s az \u00fcgyf\u00e9l 20 000 \u00fcvegnyi ism\u00e9telt megrendel\u00e9st adott le, b\u0151v\u00edtve a csomagol\u00e1st \u00edzes\u00edtett olajjal \u00e9s \u00ednyenc paprikakever\u00e9kekkel.<\/p>\n<h2>Testreszab\u00e1si javaslatok B2B alkalmaz\u00e1sokhoz<\/h2>\n<ol>\n<li><strong>Saj\u00e1t m\u00e1rk\u00e1s m\u00e1rka\u00e9p\u00edt\u00e9s<\/strong>Egyedi c\u00edmk\u00e9kkel, log\u00f3nyomtat\u00e1ssal vagy grav\u00edrozott fakanalakkal k\u00fcl\u00f6nleges \u00fcveg f\u0171szertart\u00f3kat hozhat l\u00e9tre \u00e9lelmiszerm\u00e1rk\u00e1k sz\u00e1m\u00e1ra.<\/li>\n<li><strong>Kiskereskedelmi aj\u00e1nd\u00e9kcsomag csomagol\u00e1s<\/strong>T\u00f6bb \u00fcvegb\u0151l \u00e1ll\u00f3 k\u00e9szletek fejleszt\u00e9se f\u0171szergy\u0171jtem\u00e9nyekhez vagy konyhai aj\u00e1nd\u00e9kcsomagol\u00e1sokhoz, e-kereskedelem \u00e9s \u00ednyenc \u00fczletek sz\u00e1m\u00e1ra.<\/li>\n<li><strong>Funkcion\u00e1lis kieg\u00e9sz\u00edt\u0151 opci\u00f3k<\/strong>Haszn\u00e1lj k\u00fcl\u00f6nb\u00f6z\u0151 kupakokat, bet\u00e9teket vagy r\u00e1z\u00f3tet\u0151ket, hogy az \u00fcveget k\u00fcl\u00f6nf\u00e9le f\u0171szertart\u00f3kk\u00e1 alak\u00edthasd s\u00f3, bors, f\u0171szern\u00f6v\u00e9nyek vagy f\u0171szerporok sz\u00e1m\u00e1ra.<\/li>\n<\/ol>","protected":false},"excerpt":{"rendered":"<p>Tart\u00f3s, 250 ml-es \u00fcveged\u00e9ny fa tet\u0151vel \u00e9s kan\u00e1llal. Pr\u00e9mium f\u0171szert\u00e1rol\u00f3 ed\u00e9nyek nagykereskedelemhez, t\u00f6meges beszerz\u00e9shez \u00e9s egyedi m\u00e1rkajelz\u00e9shez.<\/p>","protected":false},"featured_media":25335,"template":"","meta":[],"product_brand":[],"product_cat":[83,124,122,87,20,128],"product_tag":[],"class_list":{"0":"post-16452","1":"product","2":"type-product","3":"status-publish","4":"has-post-thumbnail","6":"product_cat-glass-jars","7":"product_cat-custom-glass-jars","8":"product_cat-custom-glass-packaging","9":"product_cat-food-storage-jars","10":"product_cat-glass-containers","11":"product_cat-spice-jars","13":"first","14":"instock","15":"shipping-taxable","16":"product-type-grouped"},"jetpack_sharing_enabled":true,"_links":{"self":[{"href":"https:\/\/yebodaglass.com\/hu\/wp-json\/wp\/v2\/product\/16452","targetHints":{"allow":["GET"]}}],"collection":[{"href":"https:\/\/yebodaglass.com\/hu\/wp-json\/wp\/v2\/product"}],"about":[{"href":"https:\/\/yebodaglass.com\/hu\/wp-json\/wp\/v2\/types\/product"}],"version-history":[{"count":5,"href":"https:\/\/yebodaglass.com\/hu\/wp-json\/wp\/v2\/product\/16452\/revisions"}],"predecessor-version":[{"id":25339,"href":"https:\/\/yebodaglass.com\/hu\/wp-json\/wp\/v2\/product\/16452\/revisions\/25339"}],"wp:featuredmedia":[{"embeddable":true,"href":"https:\/\/yebodaglass.com\/hu\/wp-json\/wp\/v2\/media\/25335"}],"wp:attachment":[{"href":"https:\/\/yebodaglass.com\/hu\/wp-json\/wp\/v2\/media?parent=16452"}],"wp:term":[{"taxonomy":"product_brand","embeddable":true,"href":"https:\/\/yebodaglass.com\/hu\/wp-json\/wp\/v2\/product_brand?post=16452"},{"taxonomy":"product_cat","embeddable":true,"href":"https:\/\/yebodaglass.com\/hu\/wp-json\/wp\/v2\/product_cat?post=16452"},{"taxonomy":"product_tag","embeddable":true,"href":"https:\/\/yebodaglass.com\/hu\/wp-json\/wp\/v2\/product_tag?post=16452"}],"curies":[{"name":"wp","href":"https:\/\/api.w.org\/{rel}","templated":true}]}}